{"id":184,"date":"2017-03-29T19:46:33","date_gmt":"2017-03-29T17:46:33","guid":{"rendered":"https:\/\/serockaakademia.pl\/?page_id=184"},"modified":"2017-08-24T16:57:05","modified_gmt":"2017-08-24T14:57:05","slug":"archiwum","status":"publish","type":"page","link":"https:\/\/serockaakademia.pl\/index.php\/archiwum\/","title":{"rendered":"archiwum"},"content":{"rendered":"<p><strong>\u00a0<\/strong><strong>27 czerwca 2017r.\u00a0<\/strong>odby\u0142a si\u0119<strong>\u00a0\u00a0<em>Maj\u00f3wka w Geovicie<\/em>\u00a0<\/strong>na zako\u0144czenie roku akademickiego.<\/p>\n<p style=\"text-align: center;\"><strong>Uczcili\u015bmy Jubileusz 600-lecia Serocka<\/strong><\/p>\n<p>W dniu 14 czerwca 2017r. na zaproszenie Serockiej Akademii Seniora przyby\u0142y do Serocka delegacje senior\u00f3w z Legionowa, Nasielska, Niepor\u0119tu, Wieliszewa i Jab\u0142onny aby razem ze spo\u0142eczno\u015bci\u0105 serockich senior\u00f3w uczci\u0107 Jubileusz 600-lecia nadania praw miejsckich Serockowi.<\/p>\n<p>Uroczyste powitanie go\u015bci odby\u0142o si\u0119 w Ratuszu. W imieniu w\u0142adz miasta i gminy przyby\u0142ych powitali: Sekretarz Urz\u0119du Miasta i Gminy Tadeusz Kanownik oraz Wiceprzewodnicz\u0105cy Rady Miejskiej J\u00f3zef Lutomirski.<\/p>\n<p>W uroczysto\u015bci uczestniczy\u0142 r\u00f3wnie\u017c wicestarosta Powiatu Legionowskiego Jerzy Zaborowski, kt\u00f3ry witaj\u0105c zebranych pogratulowa\u0142 serockim seniorom inicjatywy zorganizowania takiego spotkania. Prezes Akademii Miros\u0142awa Sujkowska w swym wyst\u0105pieniu podkre\u015bli\u0142a, \u017ce w Serocku rozwija si\u0119 pr\u0119\u017cnie ruch seniorki: opr\u00f3cz Serockiej Akademii Seniora od lat istnieje Klub Aktywnego Seniora, dzia\u0142a te\u017c Rada Senior\u00f3w.<\/p>\n<p>Go\u015bcie obejrzeli film historyczno-promocyjny o Serocku, po czym udali si\u0119 na zwiedzanie miasta. Ze wzgl\u0119du na ograniczony czas nasi go\u015bcie mogli zwiedzi\u0107 tylko najwa\u017cniejsze miejsca: Wzg\u00f3rze Barbarka, Ko\u015bci\u00f3\u0142 oraz Izb\u0119 Pami\u0119ci i Tradycji Rybackich. Spacer zako\u0144czy\u0142 si\u0119 wizyt\u0105 w Klubie Aktywno\u015bci Spo\u0142ecznej. Seniorzy podziwiali miasto i byli pod wra\u017ceniem zachodz\u0105cych w nim zmian.<\/p>\n<p>Po przerwie obiadowej go\u015bcie ora seroccy seniorzy wys\u0142uchali wyk\u0142adu Jacka \u017bukowskiego z Uniwersytetu Warszawskiego zatytu\u0142owanego \"\u017bycie z rzeki i nad rzek\u0105\". Z zainteresowaniem s\u0142uchali\u015bmy o zaj\u0119ciach dawnych mieszka\u0144c\u00f3w Serocka: o wikliniarstwie, plecionkarstwie, budowie tratw i \u0142odzi. Przedstawione w prezentacji szkice i zdj\u0119cia budzi\u0142y podziw s\u0142uchaczy.<\/p>\n<p>Zwie\u0144czeniem naszego festynu by\u0142 koncert \"Powr\u00f3\u0107my jak za dawnych lat\". S\u0142uchali\u015bmy pi\u0119knych i znanych piosenek polskich, francuskich i innych w znakomitym wykonaniu pary wokalist\u00f3w Wojciecha Bardowkiego i Magdaleny Tunkiewicz. By\u0142o lirycznie, wzruszaj\u0105co, wsp\u00f3lny \u015bpiew, bisy i kwiaty dla wokalist\u00f3w - wspania\u0142a muzyczna uczta dla serockich senior\u00f3w oraz zaproszonych go\u015bci.<\/p>\n<p>Zorganizowanie tej uroczysto\u015bci na takim poziomie by\u0142o mo\u017cliwe dzi\u0119ki organizacyjnemu i finansowemu wsparciu Miasta i Gminy Serock oraz Starostwa Powiatowego w Legionowie.<\/p>\n<p><strong>7 czerwca 2017r.<\/strong>\u00a0odby\u0142y si\u0119 Warsztaty ogrodnicze w Nowej Wsi.<\/p>\n<p><strong>6 czerwca 2017r.<\/strong>\u00a0odby\u0142 si\u0119 wyk\u0142ad M. Kurowskiej \"Chcie\u0107 to znaczy m\u00f3c - poznaj siebie\" w Klubie Aktywno\u015bci Spo\u0142ecznej.<\/p>\n<p><strong>2 czerwca 2017r. odby\u0142 si\u0119 wyjazd do Ciechanowca gdzie zwiedzali\u015bmy Muzeum Rolnictwa im. ks. Krzysztofa Kluka.<\/strong><\/p>\n<p><img loading=\"lazy\" decoding=\"async\" class=\"alignnone size-medium wp-image-373 aligncenter\" src=\"https:\/\/serockaakademia.pl\/wp-content\/uploads\/2017\/06\/IMG_6521-300x225.jpg\" alt=\"\" width=\"300\" height=\"225\" \/><\/p>\n<p>Zapraszamy do obejrzenia zdj\u0119\u0107 w galerii<\/p>\n<p><strong>27 maja 2017r. uczestniczyli\u015bmy wraz z cz\u0142onkami rodzin w\u00a0<em>Korowodzie z okazji Wojciechowego \u015awi\u0119towania.<\/em><\/strong><\/p>\n<p><img loading=\"lazy\" decoding=\"async\" class=\"alignnone size-medium wp-image-229 aligncenter\" src=\"https:\/\/serockaakademia.pl\/wp-content\/uploads\/2017\/03\/IMG_0472-300x200.jpg\" alt=\"\" width=\"300\" height=\"200\" \/><br \/>\n<strong>Serocka Akademia Seniora w korowodzie 600-lecia<\/strong><\/p>\n<p>W pi\u0119kne sobotnie popo\u0142udnie 27 maja uczestniczyli\u015bmy w korowodzie z okazji \u015bwi\u0119ta Patrona Serocka. Korow\u00f3d stanowi\u0142 cz\u0119\u015b\u0107 obchod\u00f3w 600-lecia nadania praw miejskich Serockowi. Razem ze spo\u0142eczno\u015bci\u0105 naszej gminy szli\u015bmy w barwnym, historycznym korowodzie i bawili\u015bmy si\u0119 na festynie. Entuzjazm i rado\u015b\u0107 uj\u0119\u0142y nam lat.<br \/>\nW tym roku w naszym korowodzie wzi\u0119\u0142a udzia\u0142 liczna grupa Pan\u00f3w - dzi\u0119kujemy im za to.<br \/>\nZapraszamy do obejrzenia zdj\u0119\u0107 w galerii.<\/p>\n<p><strong>25 maja 2017r. odby\u0142 si\u0119 wyjazd do Teatru Studio Buffo w Warszawie na \"Wiecz\u00f3r francuski\".<\/strong><\/p>\n<p><img loading=\"lazy\" decoding=\"async\" class=\"alignnone size-medium wp-image-221 aligncenter\" src=\"https:\/\/serockaakademia.pl\/wp-content\/uploads\/2017\/03\/spektakl_14272949285512cad00e127-300x200.jpeg\" alt=\"\" width=\"300\" height=\"200\" srcset=\"https:\/\/serockaakademia.pl\/wp-content\/uploads\/2017\/03\/spektakl_14272949285512cad00e127-300x200.jpeg 300w, https:\/\/serockaakademia.pl\/wp-content\/uploads\/2017\/03\/spektakl_14272949285512cad00e127-768x512.jpeg 768w, https:\/\/serockaakademia.pl\/wp-content\/uploads\/2017\/03\/spektakl_14272949285512cad00e127.jpeg 800w\" sizes=\"auto, (max-width: 300px) 100vw, 300px\" \/><\/p>\n<h6 style=\"text-align: center;\">http:\/\/www.studiobuffo.com.pl\/spektakl\/view\/33\/WIECZOR-FRANCUSKI<\/h6>\n<p><strong>Niezapomniany wiecz\u00f3r w teatrze Buffo<\/strong><\/p>\n<p style=\"text-align: left;\">Seniorzy z Serocka 25 maja sp\u0119dzili pi\u0119kne chwile na WIECZORZE FRANCUSKIM \u00a0 \u00a0 \u00a0 \u00a0 \u00a0 \u00a0w teatrze Buffo. Janusz J\u00f3zefowicz, Janusz Stok\u0142osa, Natasza Urba\u0144ska oraz wielu utalentowanych m\u0142odych artyst\u00f3w wprowadzaj\u0105 widz\u00f3w w \u015bwiat piosenki francuskiej i zapraszaj\u0105 do wsp\u00f3lnej zabawy.<br \/>\nNa koncercie us\u0142yszeli\u015bmy znane melodie francuskie m.in. Les Champs-Elysees, Belle, Milord, Paroles, Paroles, Voyage, Tombe le neige, Cathedrale. By\u0142y te\u017c ta\u0144ce francuskie z kankanem w roli g\u0142\u00f3wnej.<br \/>\nPocz\u0119stowani winem i rozbawieni \u015bpiewali\u015bmy z artystami, ta\u0144czyli\u015bmy \u201eKaczuszki\u201d \u00a0a bisom nie by\u0142o ko\u0144ca.<br \/>\nBy\u0142 to wspania\u0142y, niezapomniany majowy wiecz\u00f3r, kt\u00f3ry b\u0119dziemy d\u0142ugo wspomina\u0107.<\/p>\n<p><strong>23 maja 2017r. odby\u0142 si\u0119 wyk\u0142ad dr A. Raszewskiego \"Polska oczami cudzoziemc\u00f3w\" w Klubie Aktywno\u015bci Spo\u0142ecznej.<\/strong><\/p>\n<p><strong>Program zdrowotny \u201eZaskoczeni wiekiem\u201d<\/strong><\/p>\n<p>Seniorzy mog\u0105 skorzysta\u0107 z programu zdrowotnego \"Zaskoczeni wiekiem\" realizowanego przez Goldenmed w Serocku w ramach Powiatowego Programu Polityki Zdrowotnej \"Zdrowy Powiat\".<\/p>\n<p>Program jest dedykowany dla os\u00f3b, kt\u00f3re uko\u0144czy\u0142y 60 rok \u017cycia maj\u0105 nadwag\u0119 lub oty\u0142o\u015b\u0107 oraz choruj\u0105 na choroby przewlek\u0142e: nadci\u015bnienie t\u0119tnicze, choroba niedokrwienna serca, choroba wie\u0144cowa, cukrzyca, hiperlipemia, choroba zwyrodnieniowa staw\u00f3w, nowotw\u00f3r.<\/p>\n<p>Jak uda\u0142o nam si\u0119 ustali\u0107 w ramach programu b\u0119d\u0105 przeprowadzone badania i konsultacje medyczne, opieka dietetyka oraz gimnastyka rehabilitacyjna.<\/p>\n<p>Szczeg\u00f3\u0142y dotycz\u0105ce warunk\u00f3w uczestniczenia w programie, odp\u0142atno\u015b\u0107 oraz zapisy w Goldenmedzie w Serocku.<\/p>\n<p><strong>5 kwietnia 2017 r. odby\u0142y si\u0119 warsztaty ogrodnicze \"Pami\u0119tajcie o ogrodach\" w Klubie Aktywno\u015bci Spolecznej.<\/strong>\u00a0Warsztaty poprowadzi\u0142a Pani Henryka Owczarczyk.<\/p>\n<p><strong>23 marca 2017 r. odby\u0142 si\u0119 wyjazd do Muzeum \u017byd\u00f3w Polskich w Warszawie.<\/strong><\/p>\n<p>Seroccy seniorzy odwiedzili 23 marca br Muzeum Historii \u017byd\u00f3w Polskich POLIN.<br \/>\nInicjatywa zorganizowania tego szczeg\u00f3lnego wyjazdu powsta\u0142a w Serockiej Akademii Seniora ju\u017c jesieni\u0105 ubieg\u0142ego roku.<br \/>\nCzekali\u015bmy cierpliwie na termin, bo MUZEUM cieszy si\u0119 ogromnym powodzeniem.<br \/>\nBy\u0142y dwie grupy, obie z przewodnikiem. Przez 2 godziny zwiedzili\u015bmy wystaw\u0119 sta\u0142\u0105 pod nazw\u0105 \"1000 lat dziej\u00f3w polskich \u017byd\u00f3w\". Poznawali\u015bmy i podziwiali\u015bmy nowoczesne ekspozycje opowiadaj\u0105ce o kulturze i dziedzictwie polskich \u017byd\u00f3w.<br \/>\nZacz\u0119li\u015bmy od poznania legendy o przybyciu \u017byd\u00f3w na polsk\u0105 ziemi\u0119, wiemy teraz sk\u0105d nazwa POLIN, (znaczy: to jest dobre miejsce), poznawali\u015bmy kultur\u0119, obyczaje i obrz\u0119dy spo\u0142eczno\u015bci \u017cydowskiej.<br \/>\nSzczeg\u00f3lne wra\u017cenie wywar\u0142a na nas wspania\u0142a rekonstrukcja wn\u0119trza Synagogi. Pracowa\u0142o przy niej w sumie 300 rekonstruktor\u00f3w, w tym du\u017ca grupa wolontariuszy. Dla nas z Serocka to wa\u017cny akcent historyczny, bowiem w\u0142a\u015bnie w naszym mie\u015bcie do II wojny \u015bwiatowej \u017cy\u0142a liczna spo\u0142eczno\u015b\u0107 \u017cydowska, by\u0142a r\u00f3wnie\u017c Synagoga. Znale\u017ali\u015bmy potwierdzenie tego faktu na mapie przedstawiaj\u0105cej lokalizacje drewnianych Synagog na ziemiach polskich.<br \/>\nKolejne sale to burzliwe wydarzenia sprzed wiek\u00f3w, czas zag\u0142ady w czasie II wojny \u015bwiatowej, a\u017c do czas\u00f3w wsp\u00f3\u0142czesnych.<br \/>\nJeste\u015bmy bardzo dumni z faktu, \u017ce warszawskie MUZEUM POLIN zosta\u0142o w 2016 roku wybrane spo\u015br\u00f3d 100 innych plac\u00f3wek muzealnych i otrzyma\u0142o tytu\u0142 EUROPEJSKIE MUZEUM ROKU. Uwa\u017camy, \u017ce w pe\u0142ni zas\u0142uguje na to szczeg\u00f3lne wyr\u00f3\u017cnienie.<\/p>\n<p>El\u017cbieta Dygasiewicz<\/p>\n<p><strong>16 marca 2017r. odby\u0142 si\u0119 wyk\u0142ad ,,Samorz\u0105d i bud\u017cet gminy\" w Klubie Aktywno\u015bci Spo\u0142ecznej.<\/strong><\/p>\n<p>W dniu 16 marca 2017 r. mieli\u015bmy spotkanie z Panem Burmistrzem Sylwestrem Sokolnickim, kt\u00f3ry m\u00f3wi\u0142 na temat samorz\u0105du i bud\u017cetu gminy.<br \/>\nPan Burmistrz wspomina\u0142 pocz\u0105tki tworzenia samorz\u0105du na terenie gminy, jako czas pe\u0142en wyzwa\u0144 ale i entuzjazmu dla wprowadzanych zmian. Samorz\u0105d gminy m\u00f3g\u0142 wreszcie decydowa\u0107 o tym, co mo\u017cna zrobi\u0107 dla poprawy warunk\u00f3w \u017cycia mieszka\u0144c\u00f3w. Doskonale pami\u0119tamy jak wygl\u0105da\u0142o nasze miasto i gmina przed 25 laty - potrzeby by\u0142y wi\u0119c ogromne.<br \/>\nW przedstawionej prezentacji szczeg\u00f3lnie interesuj\u0105ca by\u0142a struktura dochod\u00f3w i wydatk\u00f3w gminy na bie\u017c\u0105cy rok.<br \/>\nZachodz\u0105ce zmiany, poprawa warunk\u00f3w bytowych spowodowa\u0142y, \u017ce przybywa mieszka\u0144c\u00f3w, o\u015brodk\u00f3w wczasowych, hoteli, czego rezultatem jest wzrost wp\u0142yw\u00f3w do bud\u017cetu gminy z tytu\u0142u podatku od nieruchomo\u015bci i podatku PIT. Pan Burmistrz podkre\u015bli\u0142, \u017ce mieszka\u0144cy gminy p\u0142ac\u0105 podatki, odsetek niezap\u0142aconych zobowi\u0105za\u0144 jest niewielki.<br \/>\nRozmawiano r\u00f3wnie\u017c o planowanych zmianach przepis\u00f3w dotycz\u0105cych skr\u00f3cenia kadencyjno\u015bci burmistrz\u00f3w oraz powo\u0142ania metropolii warszawskiej i konsekwencji st\u0105d wynikaj\u0105cych dla samorz\u0105dno\u015bci.<br \/>\nW dyskusji seniorzy podkre\u015blali, \u017ce dla ka\u017cdego z nas wa\u017cne jest to jak rozwija si\u0119 nasz gmina, bo tu \u017cyjemy i tu jest nasza ma\u0142a ojczyzna.<br \/>\nSpotkanie z Panem Burmistrzem by\u0142o dla nas bardzo wa\u017cne i potrzebne, wyposa\u017ceni w wiedz\u0119 o samorz\u0105dzie i bud\u017cecie gminy stali\u015bmy si\u0119 bardziej \u015bwiadomymi obywatelami gminy.<br \/>\nDzi\u0119kuj\u0105c Burmistrzowi za spotkanie s\u0142uchacze Serockiej Akademii Seniora wyrazili potrzeb\u0119 cyklicznych spotka\u0144 z w\u0142adzami samorz\u0105dowymi.<\/p>\n<p>&nbsp;<\/p>\n","protected":false},"excerpt":{"rendered":"<p>\u00a027 czerwca 2017r.\u00a0odby\u0142a si\u0119\u00a0\u00a0Maj\u00f3wka w Geovicie\u00a0na zako\u0144czenie roku akademickiego. Uczcili\u015bmy Jubileusz 600-lecia Serocka W dniu 14 czerwca 2017r. na zaproszenie Serockiej Akademii Seniora przyby\u0142y do Serocka delegacje senior\u00f3w z Legionowa, Nasielska, Niepor\u0119tu, Wieliszewa i Jab\u0142onny aby razem ze spo\u0142eczno\u015bci\u0105 serockich senior\u00f3w uczci\u0107 Jubileusz 600-lecia nadania praw miejsckich Serockowi. Uroczyste powitanie go\u015bci odby\u0142o si\u0119 w Ratuszu. <a href=\"https:\/\/serockaakademia.pl\/index.php\/archiwum\/\" class=\"more-link\">Czytaj dalej...<span class=\"screen-reader-text\"> \"archiwum\"<\/span><\/a><\/p>\n","protected":false},"author":1,"featured_media":0,"parent":0,"menu_order":0,"comment_status":"closed","ping_status":"closed","template":"","meta":{"footnotes":""},"class_list":["post-184","page","type-page","status-publish","h-entry","hentry","h-as-page"],"_links":{"self":[{"href":"https:\/\/serockaakademia.pl\/index.php\/wp-json\/wp\/v2\/pages\/184","targetHints":{"allow":["GET"]}}],"collection":[{"href":"https:\/\/serockaakademia.pl\/index.php\/wp-json\/wp\/v2\/pages"}],"about":[{"href":"https:\/\/serockaakademia.pl\/index.php\/wp-json\/wp\/v2\/types\/page"}],"author":[{"embeddable":true,"href":"https:\/\/serockaakademia.pl\/index.php\/wp-json\/wp\/v2\/users\/1"}],"replies":[{"embeddable":true,"href":"https:\/\/serockaakademia.pl\/index.php\/wp-json\/wp\/v2\/comments?post=184"}],"version-history":[{"count":5,"href":"https:\/\/serockaakademia.pl\/index.php\/wp-json\/wp\/v2\/pages\/184\/revisions"}],"predecessor-version":[{"id":489,"href":"https:\/\/serockaakademia.pl\/index.php\/wp-json\/wp\/v2\/pages\/184\/revisions\/489"}],"wp:attachment":[{"href":"https:\/\/serockaakademia.pl\/index.php\/wp-json\/wp\/v2\/media?parent=184"}],"curies":[{"name":"wp","href":"https:\/\/api.w.org\/{rel}","templated":true}]}}